{"id":59,"date":"2026-04-29T07:00:01","date_gmt":"2026-04-29T07:00:01","guid":{"rendered":"https:\/\/augier-vial-sharleen.mmigrenoble-dev.fr\/?page_id=59"},"modified":"2026-04-29T07:58:13","modified_gmt":"2026-04-29T07:58:13","slug":"a-propos","status":"publish","type":"page","link":"https:\/\/augier-vial-sharleen.mmigrenoble-dev.fr\/?page_id=59","title":{"rendered":"A propos"},"content":{"rendered":"\t\t<div data-elementor-type=\"wp-page\" data-elementor-id=\"59\" class=\"elementor elementor-59\">\n\t\t\t\t<div class=\"elementor-element elementor-element-064243e e-grid e-con-boxed wpr-particle-no wpr-jarallax-no wpr-parallax-no wpr-sticky-section-no wpr-equal-height-no e-con e-parent\" data-id=\"064243e\" data-element_type=\"container\" data-e-type=\"container\" data-settings=\"{&quot;background_background&quot;:&quot;classic&quot;}\">\n\t\t\t\t\t<div class=\"e-con-inner\">\n\t\t<div class=\"elementor-element elementor-element-fced3b9 e-con-full e-flex wpr-particle-no wpr-jarallax-no wpr-parallax-no wpr-sticky-section-no wpr-equal-height-no e-con e-child\" data-id=\"fced3b9\" data-element_type=\"container\" data-e-type=\"container\">\n\t\t\t\t<div class=\"elementor-element elementor-element-e62de81 elementor-widget elementor-widget-heading\" data-id=\"e62de81\" data-element_type=\"widget\" data-e-type=\"widget\" data-widget_type=\"heading.default\">\n\t\t\t\t\t<h2 class=\"elementor-heading-title elementor-size-default\">A propos<\/h2>\t\t\t\t<\/div>\n\t\t\t\t<div class=\"elementor-element elementor-element-e694827 elementor-widget elementor-widget-text-editor\" data-id=\"e694827\" data-element_type=\"widget\" data-e-type=\"widget\" data-widget_type=\"text-editor.default\">\n\t\t\t\t\t\t\t\t\t<p data-path-to-node=\"9,0\"><em>\u00ab Un crayon \u00e0 la main depuis l&rsquo;enfance et toujours un livre \u00e0 proximit\u00e9 \u00bb<\/em><\/p><p data-path-to-node=\"9,1\">Je m\u2019appelle <span data-path-to-node=\"9,1\" data-index-in-node=\"13\">Sharleen AUGIER-VIAL<\/span>. Pour moi, l\u2019art n\u2019est pas qu\u2019un simple loisir, c\u2019est un mode d\u2019expression indispensable. Aujourd\u2019hui \u00e9tudiante en BUT MMI, je transforme cette passion de toujours en expertise professionnelle.<\/p><p data-path-to-node=\"9,2\">En route vers une sp\u00e9cialisation en <span data-path-to-node=\"9,2\" data-index-in-node=\"36\">Cr\u00e9ation num\u00e9rique<\/span>, j&rsquo;explore l&rsquo;\u00e9quilibre entre l&rsquo;art traditionnel et les exigences du graphisme moderne. Bienvenue dans mon univers, o\u00f9 chaque projet est une nouvelle histoire \u00e0 raconter.<\/p>\t\t\t\t\t\t\t\t<\/div>\n\t\t\t\t<div class=\"elementor-element elementor-element-fee0966 elementor-align-center elementor-widget elementor-widget-button\" data-id=\"fee0966\" data-element_type=\"widget\" data-e-type=\"widget\" data-widget_type=\"button.default\">\n\t\t\t\t\t\t\t\t\t\t<a class=\"elementor-button elementor-button-link elementor-size-sm\" href=\"https:\/\/augier-vial-sharleen.mmigrenoble-dev.fr\/?page_id=61\">\n\t\t\t\t\t\t<span class=\"elementor-button-content-wrapper\">\n\t\t\t\t\t\t\t\t\t<span class=\"elementor-button-text\">Discutons de votre projet !<\/span>\n\t\t\t\t\t<\/span>\n\t\t\t\t\t<\/a>\n\t\t\t\t\t\t\t\t<\/div>\n\t\t\t\t<\/div>\n\t\t\t\t<div class=\"elementor-element elementor-element-800b5d2 elementor-widget elementor-widget-image\" data-id=\"800b5d2\" data-element_type=\"widget\" data-e-type=\"widget\" data-widget_type=\"image.default\">\n\t\t\t\t\t\t\t\t\t\t\t\t\t\t\t<img fetchpriority=\"high\" decoding=\"async\" width=\"768\" height=\"1024\" src=\"https:\/\/augier-vial-sharleen.mmigrenoble-dev.fr\/wp-content\/uploads\/2026\/04\/20251027_171526-768x1024.jpg\" class=\"attachment-medium_large size-medium_large wp-image-83\" alt=\"\" srcset=\"https:\/\/augier-vial-sharleen.mmigrenoble-dev.fr\/wp-content\/uploads\/2026\/04\/20251027_171526-768x1024.jpg 768w, https:\/\/augier-vial-sharleen.mmigrenoble-dev.fr\/wp-content\/uploads\/2026\/04\/20251027_171526-225x300.jpg 225w, https:\/\/augier-vial-sharleen.mmigrenoble-dev.fr\/wp-content\/uploads\/2026\/04\/20251027_171526-1152x1536.jpg 1152w, https:\/\/augier-vial-sharleen.mmigrenoble-dev.fr\/wp-content\/uploads\/2026\/04\/20251027_171526-1536x2048.jpg 1536w, https:\/\/augier-vial-sharleen.mmigrenoble-dev.fr\/wp-content\/uploads\/2026\/04\/20251027_171526-scaled.jpg 1920w\" sizes=\"(max-width: 768px) 100vw, 768px\" \/>\t\t\t\t\t\t\t\t\t\t\t\t\t\t\t<\/div>\n\t\t<div class=\"elementor-element elementor-element-8ddd934 e-con-full e-flex wpr-particle-no wpr-jarallax-no wpr-parallax-no wpr-sticky-section-no wpr-equal-height-no e-con e-child\" data-id=\"8ddd934\" data-element_type=\"container\" data-e-type=\"container\">\n\t\t\t\t<div class=\"elementor-element elementor-element-617f3de elementor-widget elementor-widget-heading\" data-id=\"617f3de\" data-element_type=\"widget\" data-e-type=\"widget\" data-widget_type=\"heading.default\">\n\t\t\t\t\t<h2 class=\"elementor-heading-title elementor-size-default\">Mon parcours<\/h2>\t\t\t\t<\/div>\n\t\t\t\t<div class=\"elementor-element elementor-element-8bb52b2 elementor-widget elementor-widget-text-editor\" data-id=\"8bb52b2\" data-element_type=\"widget\" data-e-type=\"widget\" data-widget_type=\"text-editor.default\">\n\t\t\t\t\t\t\t\t\t<p data-path-to-node=\"4,0\"><em>\u00ab <\/em><em>De la plume au pixel <\/em><em>\u00bb<\/em><\/p><p data-path-to-node=\"4,0\">Depuis que j&rsquo;ai pris un crayon et une feuille pour la premi\u00e8re fois quand j&rsquo;\u00e9tais petite, je ne l&rsquo;ai plus jamais l\u00e2ch\u00e9. Ce qui n&rsquo;\u00e9tait au d\u00e9part qu&rsquo;un jeu est devenu, au fil des ann\u00e9es, mon moyen d&rsquo;expression privil\u00e9gi\u00e9 et une part enti\u00e8re de ma vie.<\/p><p data-path-to-node=\"4,0\">C&rsquo;est cette envie constante de cr\u00e9er qui m&rsquo;a naturellement dirig\u00e9e vers un <span data-path-to-node=\"6\" data-index-in-node=\"75\">Bac Pro en Artisanat et M\u00e9tiers d\u2019Art, avec option Communication Visuelle et PluriM\u00e9dias (AMA CVPM)<\/span>. L\u00e0-bas, j&rsquo;ai appris \u00e0 canaliser cette \u00e9nergie cr\u00e9ative pour la mettre au service de la communication visuelle. J&rsquo;y ai d\u00e9couvert la rigueur du graphisme, l&rsquo;importance de la typographie et le plaisir de voir une id\u00e9e prendre vie sur papier. Entre les ateliers de dessin et l&rsquo;apprentissage de la cha\u00eene graphique, j&rsquo;ai \u00e9galement appris \u00e0 transformer une id\u00e9e brute en un projet concret, pr\u00eat \u00e0 \u00eatre imprim\u00e9.<\/p>\t\t\t\t\t\t\t\t<\/div>\n\t\t\t\t<\/div>\n\t\t<div class=\"elementor-element elementor-element-f1aa603 e-con-full e-flex wpr-particle-no wpr-jarallax-no wpr-parallax-no wpr-sticky-section-no wpr-equal-height-no e-con e-child\" data-id=\"f1aa603\" data-element_type=\"container\" data-e-type=\"container\">\n\t\t\t\t<div class=\"elementor-element elementor-element-cd34ae9 elementor-widget elementor-widget-text-editor\" data-id=\"cd34ae9\" data-element_type=\"widget\" data-e-type=\"widget\" data-widget_type=\"text-editor.default\">\n\t\t\t\t\t\t\t\t\t<p data-path-to-node=\"4,0\"><br><\/p><p data-path-to-node=\"4,0\"><br><\/p><p data-path-to-node=\"4,0\">Ces trois ann\u00e9es ont \u00e9t\u00e9 le socle de ma rigueur cr\u00e9ative : j&rsquo;y ai appris que le graphisme ne consiste pas seulement \u00e0 faire \u00ab\u00a0du beau\u00a0\u00bb, mais surtout \u00e0 donner du sens.<\/p>\n<p data-path-to-node=\"4,2\">Cette premi\u00e8re \u00e9tape m&rsquo;a permis de me familiariser avec les outils de la suite Adobe, mais aussi de comprendre l&rsquo;importance de la hi\u00e9rarchie de l&rsquo;information et du choix typographique.<\/p>\n<p data-path-to-node=\"4,3\">Aujourd&rsquo;hui, en BUT MMI, je continue de faire \u00e9voluer ce crayon, mais cette fois-ci, sur des interfaces num\u00e9riques. Mon ambition est de lier cette sensibilit\u00e9 artistique \u00ab\u00a0traditionnelle\u00a0\u00bb aux outils modernes pour me sp\u00e9cialiser, d\u00e8s l&rsquo;ann\u00e9e prochaine, dans le parcours Cr\u00e9ation de ma formation.<\/p>\t\t\t\t\t\t\t\t<\/div>\n\t\t\t\t<\/div>\n\t\t\t\t\t<\/div>\n\t\t\t\t<\/div>\n\t\t\t\t<\/div>\n\t\t","protected":false},"excerpt":{"rendered":"<p>A propos \u00ab Un crayon \u00e0 la main depuis l&rsquo;enfance et toujours un livre \u00e0 proximit\u00e9 \u00bb Je m\u2019appelle Sharleen AUGIER-VIAL. Pour moi, l\u2019art n\u2019est pas qu\u2019un simple loisir, c\u2019est un mode d\u2019expression indispensable. Aujourd\u2019hui \u00e9tudiante en BUT MMI, je transforme cette passion de toujours en expertise professionnelle. En route vers une sp\u00e9cialisation en Cr\u00e9ation num\u00e9rique, j&rsquo;explore l&rsquo;\u00e9quilibre entre l&rsquo;art traditionnel et les exigences du graphisme moderne. Bienvenue dans mon univers, o\u00f9 chaque projet est une nouvelle histoire \u00e0 raconter. Discutons de votre projet ! Mon parcours \u00ab De la plume au pixel \u00bb Depuis que j&rsquo;ai pris un crayon et une feuille pour la premi\u00e8re fois quand j&rsquo;\u00e9tais petite, je ne l&rsquo;ai plus jamais l\u00e2ch\u00e9. Ce qui n&rsquo;\u00e9tait au d\u00e9part qu&rsquo;un jeu est devenu, au fil des ann\u00e9es, mon moyen d&rsquo;expression privil\u00e9gi\u00e9 et une part enti\u00e8re de ma vie. C&rsquo;est cette envie constante de cr\u00e9er qui m&rsquo;a naturellement dirig\u00e9e vers un Bac Pro en Artisanat et M\u00e9tiers d\u2019Art, avec option Communication Visuelle et PluriM\u00e9dias (AMA CVPM). L\u00e0-bas, j&rsquo;ai appris \u00e0 canaliser cette \u00e9nergie cr\u00e9ative pour la mettre au service de la communication visuelle. J&rsquo;y ai d\u00e9couvert la rigueur du graphisme, l&rsquo;importance de la typographie et le plaisir de voir une id\u00e9e prendre vie sur papier. Entre les ateliers de dessin et l&rsquo;apprentissage de la cha\u00eene graphique, j&rsquo;ai \u00e9galement appris \u00e0 transformer une id\u00e9e brute en un projet concret, pr\u00eat \u00e0 \u00eatre imprim\u00e9. Ces trois ann\u00e9es ont \u00e9t\u00e9 le socle de ma rigueur cr\u00e9ative : j&rsquo;y ai appris que le graphisme ne consiste pas seulement \u00e0 faire \u00ab\u00a0du beau\u00a0\u00bb, mais surtout \u00e0 donner du sens. Cette premi\u00e8re \u00e9tape m&rsquo;a permis de me familiariser avec les outils de la suite Adobe, mais aussi de comprendre l&rsquo;importance de la hi\u00e9rarchie de l&rsquo;information et du choix typographique. Aujourd&rsquo;hui, en BUT MMI, je continue de faire \u00e9voluer ce crayon, mais cette fois-ci, sur des interfaces num\u00e9riques. Mon ambition est de lier cette sensibilit\u00e9 artistique \u00ab\u00a0traditionnelle\u00a0\u00bb aux outils modernes pour me sp\u00e9cialiser, d\u00e8s l&rsquo;ann\u00e9e prochaine, dans le parcours Cr\u00e9ation de ma formation.<\/p>\n","protected":false},"author":4,"featured_media":0,"parent":0,"menu_order":0,"comment_status":"closed","ping_status":"closed","template":"","meta":{"footnotes":""},"class_list":["post-59","page","type-page","status-publish","hentry"],"_links":{"self":[{"href":"https:\/\/augier-vial-sharleen.mmigrenoble-dev.fr\/index.php?rest_route=\/wp\/v2\/pages\/59","targetHints":{"allow":["GET"]}}],"collection":[{"href":"https:\/\/augier-vial-sharleen.mmigrenoble-dev.fr\/index.php?rest_route=\/wp\/v2\/pages"}],"about":[{"href":"https:\/\/augier-vial-sharleen.mmigrenoble-dev.fr\/index.php?rest_route=\/wp\/v2\/types\/page"}],"author":[{"embeddable":true,"href":"https:\/\/augier-vial-sharleen.mmigrenoble-dev.fr\/index.php?rest_route=\/wp\/v2\/users\/4"}],"replies":[{"embeddable":true,"href":"https:\/\/augier-vial-sharleen.mmigrenoble-dev.fr\/index.php?rest_route=%2Fwp%2Fv2%2Fcomments&post=59"}],"version-history":[{"count":13,"href":"https:\/\/augier-vial-sharleen.mmigrenoble-dev.fr\/index.php?rest_route=\/wp\/v2\/pages\/59\/revisions"}],"predecessor-version":[{"id":145,"href":"https:\/\/augier-vial-sharleen.mmigrenoble-dev.fr\/index.php?rest_route=\/wp\/v2\/pages\/59\/revisions\/145"}],"wp:attachment":[{"href":"https:\/\/augier-vial-sharleen.mmigrenoble-dev.fr\/index.php?rest_route=%2Fwp%2Fv2%2Fmedia&parent=59"}],"curies":[{"name":"wp","href":"https:\/\/api.w.org\/{rel}","templated":true}]}}